{"id":5769,"date":"2022-04-01T10:29:45","date_gmt":"2022-04-01T08:29:45","guid":{"rendered":"https:\/\/www.paysdarlon.be\/bewegen\/wanderungen\/"},"modified":"2023-09-07T14:48:03","modified_gmt":"2023-09-07T12:48:03","slug":"wanderungen","status":"publish","type":"page","link":"https:\/\/www.paysdarlon.be\/de\/bewegen\/wanderungen\/","title":{"rendered":"Wanderungen"},"content":{"rendered":"\t\t<div data-elementor-type=\"wp-page\" data-elementor-id=\"5769\" class=\"elementor elementor-5769 elementor-4392\" data-elementor-post-type=\"page\">\n\t\t\t\t\t\t<section class=\"elementor-section elementor-top-section elementor-element elementor-element-28a6f2a7 elementor-section-full_width elementor-section-height-min-height elementor-section-items-bottom elementor-section-height-default\" data-id=\"28a6f2a7\" data-element_type=\"section\" data-e-type=\"section\" data-settings=\"{&quot;background_background&quot;:&quot;classic&quot;}\">\n\t\t\t\t\t\t\t<div class=\"elementor-background-overlay\"><\/div>\n\t\t\t\t\t\t\t<div class=\"elementor-container elementor-column-gap-default\">\n\t\t\t\t\t<div class=\"elementor-column elementor-col-100 elementor-top-column elementor-element elementor-element-3a2640a3\" data-id=\"3a2640a3\" data-element_type=\"column\" data-e-type=\"column\">\n\t\t\t<div class=\"elementor-widget-wrap elementor-element-populated\">\n\t\t\t\t\t\t<div class=\"elementor-element elementor-element-248a9540 elementor-widget elementor-widget-heading\" data-id=\"248a9540\" data-element_type=\"widget\" data-e-type=\"widget\" data-widget_type=\"heading.default\">\n\t\t\t\t<div class=\"elementor-widget-container\">\n\t\t\t\t\t<h1 class=\"elementor-heading-title elementor-size-default\">Wanderungen<\/h1>\t\t\t\t<\/div>\n\t\t\t\t<\/div>\n\t\t\t\t\t<\/div>\n\t\t<\/div>\n\t\t\t\t\t<\/div>\n\t\t<\/section>\n\t\t\t\t<section class=\"elementor-section elementor-top-section elementor-element elementor-element-3866ae0 elementor-section-boxed elementor-section-height-default elementor-section-height-default\" data-id=\"3866ae0\" data-element_type=\"section\" data-e-type=\"section\">\n\t\t\t\t\t\t<div class=\"elementor-container elementor-column-gap-default\">\n\t\t\t\t\t<div class=\"elementor-column elementor-col-100 elementor-top-column elementor-element elementor-element-122b2a7\" data-id=\"122b2a7\" data-element_type=\"column\" data-e-type=\"column\">\n\t\t\t<div class=\"elementor-widget-wrap elementor-element-populated\">\n\t\t\t\t\t\t<div class=\"elementor-element elementor-element-3540043 elementor-widget elementor-widget-text-editor\" data-id=\"3540043\" data-element_type=\"widget\" data-e-type=\"widget\" data-widget_type=\"text-editor.default\">\n\t\t\t\t<div class=\"elementor-widget-container\">\n\t\t\t\t\t\t\t\t\t<p>Im Areler Land warten viele Wanderungen auf Sie! Mit einer L\u00e4nge von 2 bis 14 km f\u00fchren Sie durch Wiesen und W\u00e4lder, D\u00f6rfer oder die Stadt. F\u00fcr jeden ist etwas dabei.<br \/>Entdecken Sie die Natur, Kleindenkm\u00e4ler sowie die Architektur dank unserer thematischen Wanderungen.<br \/>Alle unsere Wanderungen finden Sie auf Cirkwi oder am Empfang.<\/p>\n\t\t\t\t\t\t\t\t<\/div>\n\t\t\t\t<\/div>\n\t\t\t\t\t<\/div>\n\t\t<\/div>\n\t\t\t\t\t<\/div>\n\t\t<\/section>\n\t\t\t\t<section class=\"elementor-section elementor-top-section elementor-element elementor-element-d99cf0a elementor-section-boxed elementor-section-height-default elementor-section-height-default\" data-id=\"d99cf0a\" data-element_type=\"section\" data-e-type=\"section\">\n\t\t\t\t\t\t<div class=\"elementor-container elementor-column-gap-default\">\n\t\t\t\t\t<div class=\"elementor-column elementor-col-100 elementor-top-column elementor-element elementor-element-d908943\" data-id=\"d908943\" data-element_type=\"column\" data-e-type=\"column\">\n\t\t\t<div class=\"elementor-widget-wrap elementor-element-populated\">\n\t\t\t\t\t\t<div class=\"elementor-element elementor-element-b071676 elementor-widget elementor-widget-shortcode\" data-id=\"b071676\" data-element_type=\"widget\" data-e-type=\"widget\" data-widget_type=\"shortcode.default\">\n\t\t\t\t<div class=\"elementor-widget-container\">\n\t\t\t\t\t\t\t<div class=\"elementor-shortcode\"><script type=\"text\/javascript\" src=\"https:\/\/www.modulesbox.com\/js\/module-loader.js\" id=\"mb-module-loader\"><\/script><script type=\"text\/javascript\">    mbLoadModule({ id: 47231, locale: \"de\" });<\/script><div id=\"mb-module-47231\"><\/div><\/div>\n\t\t\t\t\t\t<\/div>\n\t\t\t\t<\/div>\n\t\t\t\t\t<\/div>\n\t\t<\/div>\n\t\t\t\t\t<\/div>\n\t\t<\/section>\n\t\t\t\t<\/div>\n\t\t","protected":false},"excerpt":{"rendered":"<p>Im Areler Land warten viele Wanderungen auf Sie! Mit einer L\u00e4nge von 2 bis 14 km f\u00fchren Sie durch Wiesen und W\u00e4lder, D\u00f6rfer oder die Stadt. F\u00fcr jeden ist etwas dabei.Entdecken Sie die Natur, Kleindenkm\u00e4ler sowie die Architektur dank unserer thematischen Wanderungen.Alle unsere Wanderungen finden Sie auf Cirkwi oder am Empfang.<\/p>\n","protected":false},"author":2,"featured_media":5082,"parent":5757,"menu_order":0,"comment_status":"closed","ping_status":"closed","template":"","meta":{"site-sidebar-layout":"no-sidebar","site-content-layout":"page-builder","ast-site-content-layout":"full-width-container","site-content-style":"unboxed","site-sidebar-style":"unboxed","ast-global-header-display":"","ast-banner-title-visibility":"","ast-main-header-display":"","ast-hfb-above-header-display":"","ast-hfb-below-header-display":"","ast-hfb-mobile-header-display":"","site-post-title":"disabled","ast-breadcrumbs-content":"","ast-featured-img":"disabled","footer-sml-layout":"","ast-disable-related-posts":"","theme-transparent-header-meta":"default","adv-header-id-meta":"","stick-header-meta":"","header-above-stick-meta":"","header-main-stick-meta":"","header-below-stick-meta":"","astra-migrate-meta-layouts":"default","ast-page-background-enabled":"default","ast-page-background-meta":{"desktop":{"background-color":"","background-image":"","background-repeat":"repeat","background-position":"center center","background-size":"auto","background-attachment":"scroll","background-type":"","background-media":"","overlay-type":"","overlay-color":"","overlay-opacity":"","overlay-gradient":""},"tablet":{"background-color":"","background-image":"","background-repeat":"repeat","background-position":"center center","background-size":"auto","background-attachment":"scroll","background-type":"","background-media":"","overlay-type":"","overlay-color":"","overlay-opacity":"","overlay-gradient":""},"mobile":{"background-color":"","background-image":"","background-repeat":"repeat","background-position":"center center","background-size":"auto","background-attachment":"scroll","background-type":"","background-media":"","overlay-type":"","overlay-color":"","overlay-opacity":"","overlay-gradient":""}},"ast-content-background-meta":{"desktop":{"background-color":"var(--ast-global-color-5)","background-image":"","background-repeat":"repeat","background-position":"center center","background-size":"auto","background-attachment":"scroll","background-type":"","background-media":"","overlay-type":"","overlay-color":"","overlay-opacity":"","overlay-gradient":""},"tablet":{"background-color":"var(--ast-global-color-5)","background-image":"","background-repeat":"repeat","background-position":"center center","background-size":"auto","background-attachment":"scroll","background-type":"","background-media":"","overlay-type":"","overlay-color":"","overlay-opacity":"","overlay-gradient":""},"mobile":{"background-color":"var(--ast-global-color-5)","background-image":"","background-repeat":"repeat","background-position":"center center","background-size":"auto","background-attachment":"scroll","background-type":"","background-media":"","overlay-type":"","overlay-color":"","overlay-opacity":"","overlay-gradient":""}},"footnotes":""},"categories":[],"tags":[],"class_list":["post-5769","page","type-page","status-publish","has-post-thumbnail","hentry"],"yoast_head":"<!-- This site is optimized with the Yoast SEO plugin v27.4 - https:\/\/yoast.com\/product\/yoast-seo-wordpress\/ -->\n<title>Wanderungen - Maison du Tourisme du Pays d&#039;Arlon<\/title>\n<meta name=\"robots\" content=\"index, follow, max-snippet:-1, max-image-preview:large, max-video-preview:-1\" \/>\n<link rel=\"canonical\" href=\"https:\/\/www.paysdarlon.be\/de\/bewegen\/wanderungen\/\" \/>\n<meta property=\"og:locale\" content=\"de_DE\" \/>\n<meta property=\"og:type\" content=\"article\" \/>\n<meta property=\"og:title\" content=\"Wanderungen - Maison du Tourisme du Pays d&#039;Arlon\" \/>\n<meta property=\"og:description\" content=\"Im Areler Land warten viele Wanderungen auf Sie! Mit einer L\u00e4nge von 2 bis 14 km f\u00fchren Sie durch Wiesen und W\u00e4lder, D\u00f6rfer oder die Stadt. F\u00fcr jeden ist etwas dabei.Entdecken Sie die Natur, Kleindenkm\u00e4ler sowie die Architektur dank unserer thematischen Wanderungen.Alle unsere Wanderungen finden Sie auf Cirkwi oder am Empfang.\" \/>\n<meta property=\"og:url\" content=\"https:\/\/www.paysdarlon.be\/de\/bewegen\/wanderungen\/\" \/>\n<meta property=\"og:site_name\" content=\"Maison du Tourisme du Pays d&#039;Arlon\" \/>\n<meta property=\"article:modified_time\" content=\"2023-09-07T12:48:03+00:00\" \/>\n<meta property=\"og:image\" content=\"https:\/\/www.paysdarlon.be\/wp-content\/uploads\/2021\/11\/Page-Accueil_Encart-Balades-a-pied_Balades.jpg\" \/>\n\t<meta property=\"og:image:width\" content=\"1920\" \/>\n\t<meta property=\"og:image:height\" content=\"1280\" \/>\n\t<meta property=\"og:image:type\" content=\"image\/jpeg\" \/>\n<meta name=\"twitter:card\" content=\"summary_large_image\" \/>\n<script type=\"application\/ld+json\" class=\"yoast-schema-graph\">{\"@context\":\"https:\\\/\\\/schema.org\",\"@graph\":[{\"@type\":\"WebPage\",\"@id\":\"https:\\\/\\\/www.paysdarlon.be\\\/de\\\/bewegen\\\/wanderungen\\\/\",\"url\":\"https:\\\/\\\/www.paysdarlon.be\\\/de\\\/bewegen\\\/wanderungen\\\/\",\"name\":\"Wanderungen - Maison du Tourisme du Pays d&#039;Arlon\",\"isPartOf\":{\"@id\":\"https:\\\/\\\/www.paysdarlon.be\\\/de\\\/#website\"},\"primaryImageOfPage\":{\"@id\":\"https:\\\/\\\/www.paysdarlon.be\\\/de\\\/bewegen\\\/wanderungen\\\/#primaryimage\"},\"image\":{\"@id\":\"https:\\\/\\\/www.paysdarlon.be\\\/de\\\/bewegen\\\/wanderungen\\\/#primaryimage\"},\"thumbnailUrl\":\"https:\\\/\\\/www.paysdarlon.be\\\/wp-content\\\/uploads\\\/2021\\\/11\\\/Page-Accueil_Encart-Balades-a-pied_Balades.jpg\",\"datePublished\":\"2022-04-01T08:29:45+00:00\",\"dateModified\":\"2023-09-07T12:48:03+00:00\",\"breadcrumb\":{\"@id\":\"https:\\\/\\\/www.paysdarlon.be\\\/de\\\/bewegen\\\/wanderungen\\\/#breadcrumb\"},\"inLanguage\":\"de\",\"potentialAction\":[{\"@type\":\"ReadAction\",\"target\":[\"https:\\\/\\\/www.paysdarlon.be\\\/de\\\/bewegen\\\/wanderungen\\\/\"]}]},{\"@type\":\"ImageObject\",\"inLanguage\":\"de\",\"@id\":\"https:\\\/\\\/www.paysdarlon.be\\\/de\\\/bewegen\\\/wanderungen\\\/#primaryimage\",\"url\":\"https:\\\/\\\/www.paysdarlon.be\\\/wp-content\\\/uploads\\\/2021\\\/11\\\/Page-Accueil_Encart-Balades-a-pied_Balades.jpg\",\"contentUrl\":\"https:\\\/\\\/www.paysdarlon.be\\\/wp-content\\\/uploads\\\/2021\\\/11\\\/Page-Accueil_Encart-Balades-a-pied_Balades.jpg\",\"width\":1920,\"height\":1280,\"caption\":\"Melanie Meinbach\"},{\"@type\":\"BreadcrumbList\",\"@id\":\"https:\\\/\\\/www.paysdarlon.be\\\/de\\\/bewegen\\\/wanderungen\\\/#breadcrumb\",\"itemListElement\":[{\"@type\":\"ListItem\",\"position\":1,\"name\":\"Home\",\"item\":\"https:\\\/\\\/www.paysdarlon.be\\\/de\\\/\"},{\"@type\":\"ListItem\",\"position\":2,\"name\":\"Bewegen\",\"item\":\"https:\\\/\\\/www.paysdarlon.be\\\/de\\\/bouger\\\/\"},{\"@type\":\"ListItem\",\"position\":3,\"name\":\"Wanderungen\"}]},{\"@type\":\"WebSite\",\"@id\":\"https:\\\/\\\/www.paysdarlon.be\\\/de\\\/#website\",\"url\":\"https:\\\/\\\/www.paysdarlon.be\\\/de\\\/\",\"name\":\"wordpressdev\",\"description\":\"De l&#039;Ardenne \u00e0 la Lorraine\",\"publisher\":{\"@id\":\"https:\\\/\\\/www.paysdarlon.be\\\/de\\\/#organization\"},\"potentialAction\":[{\"@type\":\"SearchAction\",\"target\":{\"@type\":\"EntryPoint\",\"urlTemplate\":\"https:\\\/\\\/www.paysdarlon.be\\\/de\\\/?s={search_term_string}\"},\"query-input\":{\"@type\":\"PropertyValueSpecification\",\"valueRequired\":true,\"valueName\":\"search_term_string\"}}],\"inLanguage\":\"de\"},{\"@type\":\"Organization\",\"@id\":\"https:\\\/\\\/www.paysdarlon.be\\\/de\\\/#organization\",\"name\":\"wordpressdev\",\"url\":\"https:\\\/\\\/www.paysdarlon.be\\\/de\\\/\",\"logo\":{\"@type\":\"ImageObject\",\"inLanguage\":\"de\",\"@id\":\"https:\\\/\\\/www.paysdarlon.be\\\/de\\\/#\\\/schema\\\/logo\\\/image\\\/\",\"url\":\"https:\\\/\\\/www.paysdarlon.be\\\/wp-content\\\/uploads\\\/2020\\\/02\\\/Logo_MTPA_horizontal_sans_slogan-1.png\",\"contentUrl\":\"https:\\\/\\\/www.paysdarlon.be\\\/wp-content\\\/uploads\\\/2020\\\/02\\\/Logo_MTPA_horizontal_sans_slogan-1.png\",\"width\":500,\"height\":189,\"caption\":\"wordpressdev\"},\"image\":{\"@id\":\"https:\\\/\\\/www.paysdarlon.be\\\/de\\\/#\\\/schema\\\/logo\\\/image\\\/\"}}]}<\/script>\n<!-- \/ Yoast SEO plugin. -->","yoast_head_json":{"title":"Wanderungen - Maison du Tourisme du Pays d&#039;Arlon","robots":{"index":"index","follow":"follow","max-snippet":"max-snippet:-1","max-image-preview":"max-image-preview:large","max-video-preview":"max-video-preview:-1"},"canonical":"https:\/\/www.paysdarlon.be\/de\/bewegen\/wanderungen\/","og_locale":"de_DE","og_type":"article","og_title":"Wanderungen - Maison du Tourisme du Pays d&#039;Arlon","og_description":"Im Areler Land warten viele Wanderungen auf Sie! Mit einer L\u00e4nge von 2 bis 14 km f\u00fchren Sie durch Wiesen und W\u00e4lder, D\u00f6rfer oder die Stadt. F\u00fcr jeden ist etwas dabei.Entdecken Sie die Natur, Kleindenkm\u00e4ler sowie die Architektur dank unserer thematischen Wanderungen.Alle unsere Wanderungen finden Sie auf Cirkwi oder am Empfang.","og_url":"https:\/\/www.paysdarlon.be\/de\/bewegen\/wanderungen\/","og_site_name":"Maison du Tourisme du Pays d&#039;Arlon","article_modified_time":"2023-09-07T12:48:03+00:00","og_image":[{"width":1920,"height":1280,"url":"https:\/\/www.paysdarlon.be\/wp-content\/uploads\/2021\/11\/Page-Accueil_Encart-Balades-a-pied_Balades.jpg","type":"image\/jpeg"}],"twitter_card":"summary_large_image","schema":{"@context":"https:\/\/schema.org","@graph":[{"@type":"WebPage","@id":"https:\/\/www.paysdarlon.be\/de\/bewegen\/wanderungen\/","url":"https:\/\/www.paysdarlon.be\/de\/bewegen\/wanderungen\/","name":"Wanderungen - Maison du Tourisme du Pays d&#039;Arlon","isPartOf":{"@id":"https:\/\/www.paysdarlon.be\/de\/#website"},"primaryImageOfPage":{"@id":"https:\/\/www.paysdarlon.be\/de\/bewegen\/wanderungen\/#primaryimage"},"image":{"@id":"https:\/\/www.paysdarlon.be\/de\/bewegen\/wanderungen\/#primaryimage"},"thumbnailUrl":"https:\/\/www.paysdarlon.be\/wp-content\/uploads\/2021\/11\/Page-Accueil_Encart-Balades-a-pied_Balades.jpg","datePublished":"2022-04-01T08:29:45+00:00","dateModified":"2023-09-07T12:48:03+00:00","breadcrumb":{"@id":"https:\/\/www.paysdarlon.be\/de\/bewegen\/wanderungen\/#breadcrumb"},"inLanguage":"de","potentialAction":[{"@type":"ReadAction","target":["https:\/\/www.paysdarlon.be\/de\/bewegen\/wanderungen\/"]}]},{"@type":"ImageObject","inLanguage":"de","@id":"https:\/\/www.paysdarlon.be\/de\/bewegen\/wanderungen\/#primaryimage","url":"https:\/\/www.paysdarlon.be\/wp-content\/uploads\/2021\/11\/Page-Accueil_Encart-Balades-a-pied_Balades.jpg","contentUrl":"https:\/\/www.paysdarlon.be\/wp-content\/uploads\/2021\/11\/Page-Accueil_Encart-Balades-a-pied_Balades.jpg","width":1920,"height":1280,"caption":"Melanie Meinbach"},{"@type":"BreadcrumbList","@id":"https:\/\/www.paysdarlon.be\/de\/bewegen\/wanderungen\/#breadcrumb","itemListElement":[{"@type":"ListItem","position":1,"name":"Home","item":"https:\/\/www.paysdarlon.be\/de\/"},{"@type":"ListItem","position":2,"name":"Bewegen","item":"https:\/\/www.paysdarlon.be\/de\/bouger\/"},{"@type":"ListItem","position":3,"name":"Wanderungen"}]},{"@type":"WebSite","@id":"https:\/\/www.paysdarlon.be\/de\/#website","url":"https:\/\/www.paysdarlon.be\/de\/","name":"wordpressdev","description":"De l&#039;Ardenne \u00e0 la Lorraine","publisher":{"@id":"https:\/\/www.paysdarlon.be\/de\/#organization"},"potentialAction":[{"@type":"SearchAction","target":{"@type":"EntryPoint","urlTemplate":"https:\/\/www.paysdarlon.be\/de\/?s={search_term_string}"},"query-input":{"@type":"PropertyValueSpecification","valueRequired":true,"valueName":"search_term_string"}}],"inLanguage":"de"},{"@type":"Organization","@id":"https:\/\/www.paysdarlon.be\/de\/#organization","name":"wordpressdev","url":"https:\/\/www.paysdarlon.be\/de\/","logo":{"@type":"ImageObject","inLanguage":"de","@id":"https:\/\/www.paysdarlon.be\/de\/#\/schema\/logo\/image\/","url":"https:\/\/www.paysdarlon.be\/wp-content\/uploads\/2020\/02\/Logo_MTPA_horizontal_sans_slogan-1.png","contentUrl":"https:\/\/www.paysdarlon.be\/wp-content\/uploads\/2020\/02\/Logo_MTPA_horizontal_sans_slogan-1.png","width":500,"height":189,"caption":"wordpressdev"},"image":{"@id":"https:\/\/www.paysdarlon.be\/de\/#\/schema\/logo\/image\/"}}]}},"_links":{"self":[{"href":"https:\/\/www.paysdarlon.be\/de\/wp-json\/wp\/v2\/pages\/5769","targetHints":{"allow":["GET"]}}],"collection":[{"href":"https:\/\/www.paysdarlon.be\/de\/wp-json\/wp\/v2\/pages"}],"about":[{"href":"https:\/\/www.paysdarlon.be\/de\/wp-json\/wp\/v2\/types\/page"}],"author":[{"embeddable":true,"href":"https:\/\/www.paysdarlon.be\/de\/wp-json\/wp\/v2\/users\/2"}],"replies":[{"embeddable":true,"href":"https:\/\/www.paysdarlon.be\/de\/wp-json\/wp\/v2\/comments?post=5769"}],"version-history":[{"count":5,"href":"https:\/\/www.paysdarlon.be\/de\/wp-json\/wp\/v2\/pages\/5769\/revisions"}],"predecessor-version":[{"id":7366,"href":"https:\/\/www.paysdarlon.be\/de\/wp-json\/wp\/v2\/pages\/5769\/revisions\/7366"}],"up":[{"embeddable":true,"href":"https:\/\/www.paysdarlon.be\/de\/wp-json\/wp\/v2\/pages\/5757"}],"wp:featuredmedia":[{"embeddable":true,"href":"https:\/\/www.paysdarlon.be\/de\/wp-json\/wp\/v2\/media\/5082"}],"wp:attachment":[{"href":"https:\/\/www.paysdarlon.be\/de\/wp-json\/wp\/v2\/media?parent=5769"}],"wp:term":[{"taxonomy":"category","embeddable":true,"href":"https:\/\/www.paysdarlon.be\/de\/wp-json\/wp\/v2\/categories?post=5769"},{"taxonomy":"post_tag","embeddable":true,"href":"https:\/\/www.paysdarlon.be\/de\/wp-json\/wp\/v2\/tags?post=5769"}],"curies":[{"name":"wp","href":"https:\/\/api.w.org\/{rel}","templated":true}]}}