{"id":5809,"date":"2022-04-01T14:30:14","date_gmt":"2022-04-01T12:30:14","guid":{"rendered":"https:\/\/www.paysdarlon.be\/entdecken\/das-areler-land\/"},"modified":"2022-04-25T08:08:47","modified_gmt":"2022-04-25T06:08:47","slug":"das-areler-land","status":"publish","type":"page","link":"https:\/\/www.paysdarlon.be\/de\/entdecken\/das-areler-land\/","title":{"rendered":"Das Areler Land"},"content":{"rendered":"\t\t<div data-elementor-type=\"wp-page\" data-elementor-id=\"5809\" class=\"elementor elementor-5809 elementor-4629\" data-elementor-post-type=\"page\">\n\t\t\t\t\t\t<section class=\"elementor-section elementor-top-section elementor-element elementor-element-16232d86 elementor-section-full_width elementor-section-height-min-height elementor-section-items-bottom elementor-section-height-default\" data-id=\"16232d86\" data-element_type=\"section\" data-e-type=\"section\" data-settings=\"{&quot;background_background&quot;:&quot;classic&quot;}\">\n\t\t\t\t\t\t\t<div class=\"elementor-background-overlay\"><\/div>\n\t\t\t\t\t\t\t<div class=\"elementor-container elementor-column-gap-default\">\n\t\t\t\t\t<div class=\"elementor-column elementor-col-100 elementor-top-column elementor-element elementor-element-5ff011c\" data-id=\"5ff011c\" data-element_type=\"column\" data-e-type=\"column\">\n\t\t\t<div class=\"elementor-widget-wrap elementor-element-populated\">\n\t\t\t\t\t\t<div class=\"elementor-element elementor-element-36c12b16 elementor-widget elementor-widget-heading\" data-id=\"36c12b16\" data-element_type=\"widget\" data-e-type=\"widget\" data-widget_type=\"heading.default\">\n\t\t\t\t<div class=\"elementor-widget-container\">\n\t\t\t\t\t<h1 class=\"elementor-heading-title elementor-size-default\">Das Areler Land<\/h1>\t\t\t\t<\/div>\n\t\t\t\t<\/div>\n\t\t\t\t\t<\/div>\n\t\t<\/div>\n\t\t\t\t\t<\/div>\n\t\t<\/section>\n\t\t\t\t<section class=\"elementor-section elementor-top-section elementor-element elementor-element-4418007f elementor-section-boxed elementor-section-height-default elementor-section-height-default\" data-id=\"4418007f\" data-element_type=\"section\" data-e-type=\"section\">\n\t\t\t\t\t\t<div class=\"elementor-container elementor-column-gap-default\">\n\t\t\t\t\t<div class=\"elementor-column elementor-col-100 elementor-top-column elementor-element elementor-element-305668c2\" data-id=\"305668c2\" data-element_type=\"column\" data-e-type=\"column\">\n\t\t\t<div class=\"elementor-widget-wrap elementor-element-populated\">\n\t\t\t\t\t\t<div class=\"elementor-element elementor-element-26068cab elementor-widget elementor-widget-text-editor\" data-id=\"26068cab\" data-element_type=\"widget\" data-e-type=\"widget\" data-widget_type=\"text-editor.default\">\n\t\t\t\t<div class=\"elementor-widget-container\">\n\t\t\t\t\t\t\t\t\tBei einem Besuch des Areler Landes k\u00f6nnen Sie ein reiches Erbe entdecken und in die gallor\u00f6mische Geschichte eintauchen. Sie k\u00f6nnen auch in der Natur wandern, den Charme der D\u00f6rfer genie\u00dfen und dank unserer Folklore unvergessliche Momente erleben.\r\nNur wenige Kilometer von Frankreich und Luxemburg entfernt, erwarten Sie die vier Gemeinden, die das Areler Land bilden!\t\t\t\t\t\t\t\t<\/div>\n\t\t\t\t<\/div>\n\t\t\t\t\t<\/div>\n\t\t<\/div>\n\t\t\t\t\t<\/div>\n\t\t<\/section>\n\t\t\t\t<section class=\"elementor-section elementor-top-section elementor-element elementor-element-32611d0 elementor-section-boxed elementor-section-height-default elementor-section-height-default\" data-id=\"32611d0\" data-element_type=\"section\" data-e-type=\"section\">\n\t\t\t\t\t\t<div class=\"elementor-container elementor-column-gap-default\">\n\t\t\t\t\t<div class=\"elementor-column elementor-col-100 elementor-top-column elementor-element elementor-element-e7b10a7\" data-id=\"e7b10a7\" data-element_type=\"column\" data-e-type=\"column\">\n\t\t\t<div class=\"elementor-widget-wrap elementor-element-populated\">\n\t\t\t\t\t\t<div class=\"elementor-element elementor-element-6276a8a elementor-widget elementor-widget-video\" data-id=\"6276a8a\" data-element_type=\"widget\" data-e-type=\"widget\" data-settings=\"{&quot;youtube_url&quot;:&quot;https:\\\/\\\/youtu.be\\\/ym85YV1TB3o&quot;,&quot;mute&quot;:&quot;yes&quot;,&quot;yt_privacy&quot;:&quot;yes&quot;,&quot;lazy_load&quot;:&quot;yes&quot;,&quot;video_type&quot;:&quot;youtube&quot;,&quot;controls&quot;:&quot;yes&quot;}\" data-widget_type=\"video.default\">\n\t\t\t\t<div class=\"elementor-widget-container\">\n\t\t\t\t\t\t\t<div class=\"elementor-wrapper elementor-open-inline\">\n\t\t\t<div class=\"elementor-video\"><\/div>\t\t<\/div>\n\t\t\t\t\t\t<\/div>\n\t\t\t\t<\/div>\n\t\t\t\t\t<\/div>\n\t\t<\/div>\n\t\t\t\t\t<\/div>\n\t\t<\/section>\n\t\t\t\t<section class=\"elementor-section elementor-top-section elementor-element elementor-element-53f6aa97 elementor-section-boxed elementor-section-height-default elementor-section-height-default\" data-id=\"53f6aa97\" data-element_type=\"section\" data-e-type=\"section\">\n\t\t\t\t\t\t<div class=\"elementor-container elementor-column-gap-default\">\n\t\t\t\t\t<div class=\"elementor-column elementor-col-100 elementor-top-column elementor-element elementor-element-68ef24bc\" data-id=\"68ef24bc\" data-element_type=\"column\" data-e-type=\"column\">\n\t\t\t<div class=\"elementor-widget-wrap elementor-element-populated\">\n\t\t\t\t\t\t<div class=\"elementor-element elementor-element-1cf590ab elementor-widget elementor-widget-heading\" data-id=\"1cf590ab\" data-element_type=\"widget\" data-e-type=\"widget\" data-widget_type=\"heading.default\">\n\t\t\t\t<div class=\"elementor-widget-container\">\n\t\t\t\t\t<h2 class=\"elementor-heading-title elementor-size-default\">Die Gemeinden<\/h2>\t\t\t\t<\/div>\n\t\t\t\t<\/div>\n\t\t\t\t<div class=\"elementor-element elementor-element-cba7aa9 elementor-widget elementor-widget-shortcode\" data-id=\"cba7aa9\" data-element_type=\"widget\" data-e-type=\"widget\" data-widget_type=\"shortcode.default\">\n\t\t\t\t<div class=\"elementor-widget-container\">\n\t\t\t\t\t\t\t<div class=\"elementor-shortcode\"><div class=\"row d-flex flex-wrap\"><div class=\"page-commune col-xl-3 col-lg-4 col-md-6 col-sm-6 col-xs-12 col-12 \"><div class=\"text-white radius10\"><figure class=\"radius10\"><img fetchpriority=\"high\" decoding=\"async\" width=\"1024\" height=\"683\" src=\"https:\/\/www.paysdarlon.be\/wp-content\/uploads\/2021\/11\/Page-Les-Incontournables_Le-Belvedere-1024x683.jpg\" class=\"news-img radius10 fit-cover  wp-post-image\" alt=\"Arlon\" srcset=\"https:\/\/www.paysdarlon.be\/wp-content\/uploads\/2021\/11\/Page-Les-Incontournables_Le-Belvedere-1024x683.jpg 1024w, https:\/\/www.paysdarlon.be\/wp-content\/uploads\/2021\/11\/Page-Les-Incontournables_Le-Belvedere-300x200.jpg 300w, https:\/\/www.paysdarlon.be\/wp-content\/uploads\/2021\/11\/Page-Les-Incontournables_Le-Belvedere-768x512.jpg 768w, https:\/\/www.paysdarlon.be\/wp-content\/uploads\/2021\/11\/Page-Les-Incontournables_Le-Belvedere-1536x1024.jpg 1536w, https:\/\/www.paysdarlon.be\/wp-content\/uploads\/2021\/11\/Page-Les-Incontournables_Le-Belvedere.jpg 1920w\" sizes=\"(max-width: 1024px) 100vw, 1024px\" \/><\/figure><div class = \"ml-3 mb-5 position-absolute fixed-bottom\"><p class = \"card-title\"><a href=\"https:\/\/www.paysdarlon.be\/de\/entdecken\/das-areler-land\/arlon\/\" title=\"Arlon\">Arlon<\/a><\/p><\/div><\/div><\/div><div class=\"page-commune col-xl-3 col-lg-4 col-md-6 col-sm-6 col-xs-12 col-12 \"><div class=\"text-white radius10\"><figure class=\"radius10\"><img decoding=\"async\" width=\"1024\" height=\"683\" src=\"https:\/\/www.paysdarlon.be\/wp-content\/uploads\/2021\/11\/Page-Attert_Couverture_Marais_de_Grendel-1024x683.jpg\" class=\"news-img radius10 fit-cover  wp-post-image\" alt=\"Attert\" srcset=\"https:\/\/www.paysdarlon.be\/wp-content\/uploads\/2021\/11\/Page-Attert_Couverture_Marais_de_Grendel-1024x683.jpg 1024w, https:\/\/www.paysdarlon.be\/wp-content\/uploads\/2021\/11\/Page-Attert_Couverture_Marais_de_Grendel-300x200.jpg 300w, https:\/\/www.paysdarlon.be\/wp-content\/uploads\/2021\/11\/Page-Attert_Couverture_Marais_de_Grendel-768x512.jpg 768w, https:\/\/www.paysdarlon.be\/wp-content\/uploads\/2021\/11\/Page-Attert_Couverture_Marais_de_Grendel-1536x1024.jpg 1536w, https:\/\/www.paysdarlon.be\/wp-content\/uploads\/2021\/11\/Page-Attert_Couverture_Marais_de_Grendel.jpg 1920w\" sizes=\"(max-width: 1024px) 100vw, 1024px\" \/><\/figure><div class = \"ml-3 mb-5 position-absolute fixed-bottom\"><p class = \"card-title\"><a href=\"https:\/\/www.paysdarlon.be\/de\/entdecken\/das-areler-land\/attert\/\" title=\"Attert\">Attert<\/a><\/p><\/div><\/div><\/div><div class=\"page-commune col-xl-3 col-lg-4 col-md-6 col-sm-6 col-xs-12 col-12 \"><div class=\"text-white radius10\"><figure class=\"radius10\"><img decoding=\"async\" width=\"1024\" height=\"683\" src=\"https:\/\/www.paysdarlon.be\/wp-content\/uploads\/2021\/11\/Page-Aubange_Couverture_Battincourt-1024x683.jpg\" class=\"news-img radius10 fit-cover  wp-post-image\" alt=\"Aubange\" srcset=\"https:\/\/www.paysdarlon.be\/wp-content\/uploads\/2021\/11\/Page-Aubange_Couverture_Battincourt-1024x683.jpg 1024w, https:\/\/www.paysdarlon.be\/wp-content\/uploads\/2021\/11\/Page-Aubange_Couverture_Battincourt-300x200.jpg 300w, https:\/\/www.paysdarlon.be\/wp-content\/uploads\/2021\/11\/Page-Aubange_Couverture_Battincourt-768x512.jpg 768w, https:\/\/www.paysdarlon.be\/wp-content\/uploads\/2021\/11\/Page-Aubange_Couverture_Battincourt-1536x1024.jpg 1536w, https:\/\/www.paysdarlon.be\/wp-content\/uploads\/2021\/11\/Page-Aubange_Couverture_Battincourt.jpg 1920w\" sizes=\"(max-width: 1024px) 100vw, 1024px\" \/><\/figure><div class = \"ml-3 mb-5 position-absolute fixed-bottom\"><p class = \"card-title\"><a href=\"https:\/\/www.paysdarlon.be\/de\/entdecken\/das-areler-land\/aubange\/\" title=\"Aubange\">Aubange<\/a><\/p><\/div><\/div><\/div><div class=\"page-commune col-xl-3 col-lg-4 col-md-6 col-sm-6 col-xs-12 col-12 \"><div class=\"text-white radius10\"><figure class=\"radius10\"><img loading=\"lazy\" decoding=\"async\" width=\"1024\" height=\"683\" src=\"https:\/\/www.paysdarlon.be\/wp-content\/uploads\/2021\/11\/Page-Messancy_Couverture_Parc-Mathelin-1024x683.jpg\" class=\"news-img radius10 fit-cover  wp-post-image\" alt=\"Messancy\" srcset=\"https:\/\/www.paysdarlon.be\/wp-content\/uploads\/2021\/11\/Page-Messancy_Couverture_Parc-Mathelin-1024x683.jpg 1024w, https:\/\/www.paysdarlon.be\/wp-content\/uploads\/2021\/11\/Page-Messancy_Couverture_Parc-Mathelin-300x200.jpg 300w, https:\/\/www.paysdarlon.be\/wp-content\/uploads\/2021\/11\/Page-Messancy_Couverture_Parc-Mathelin-768x512.jpg 768w, https:\/\/www.paysdarlon.be\/wp-content\/uploads\/2021\/11\/Page-Messancy_Couverture_Parc-Mathelin-1536x1024.jpg 1536w, https:\/\/www.paysdarlon.be\/wp-content\/uploads\/2021\/11\/Page-Messancy_Couverture_Parc-Mathelin.jpg 1920w\" sizes=\"(max-width: 1024px) 100vw, 1024px\" \/><\/figure><div class = \"ml-3 mb-5 position-absolute fixed-bottom\"><p class = \"card-title\"><a href=\"https:\/\/www.paysdarlon.be\/de\/entdecken\/das-areler-land\/messancy\/\" title=\"Messancy\">Messancy<\/a><\/p><\/div><\/div><\/div><\/div><\/div>\n\t\t\t\t\t\t<\/div>\n\t\t\t\t<\/div>\n\t\t\t\t\t<\/div>\n\t\t<\/div>\n\t\t\t\t\t<\/div>\n\t\t<\/section>\n\t\t\t\t<section class=\"elementor-section elementor-top-section elementor-element elementor-element-b2e6d21 elementor-section-boxed elementor-section-height-default elementor-section-height-default\" data-id=\"b2e6d21\" data-element_type=\"section\" data-e-type=\"section\">\n\t\t\t\t\t\t<div class=\"elementor-container elementor-column-gap-default\">\n\t\t\t\t\t<div class=\"elementor-column elementor-col-100 elementor-top-column elementor-element elementor-element-cc86f1a\" data-id=\"cc86f1a\" data-element_type=\"column\" data-e-type=\"column\">\n\t\t\t<div class=\"elementor-widget-wrap elementor-element-populated\">\n\t\t\t\t\t\t<div class=\"elementor-element elementor-element-c04efe9 elementor-widget elementor-widget-image\" data-id=\"c04efe9\" data-element_type=\"widget\" data-e-type=\"widget\" data-widget_type=\"image.default\">\n\t\t\t\t<div class=\"elementor-widget-container\">\n\t\t\t\t\t\t\t\t\t\t\t\t\t\t\t<img loading=\"lazy\" decoding=\"async\" width=\"273\" height=\"350\" src=\"https:\/\/www.paysdarlon.be\/wp-content\/uploads\/2021\/06\/fr_accueil_pays09.jpg\" class=\"attachment-medium_large size-medium_large wp-image-4696\" alt=\"Carte situation de la Maison de Tourisme dans la province du Luxembourg\" srcset=\"https:\/\/www.paysdarlon.be\/wp-content\/uploads\/2021\/06\/fr_accueil_pays09.jpg 273w, https:\/\/www.paysdarlon.be\/wp-content\/uploads\/2021\/06\/fr_accueil_pays09-234x300.jpg 234w\" sizes=\"(max-width: 273px) 100vw, 273px\" \/>\t\t\t\t\t\t\t\t\t\t\t\t\t\t\t<\/div>\n\t\t\t\t<\/div>\n\t\t\t\t<div class=\"elementor-element elementor-element-9158345 elementor-align-center elementor-widget elementor-widget-button\" data-id=\"9158345\" data-element_type=\"widget\" data-e-type=\"widget\" data-widget_type=\"button.default\">\n\t\t\t\t<div class=\"elementor-widget-container\">\n\t\t\t\t\t\t\t\t\t<div class=\"elementor-button-wrapper\">\n\t\t\t\t\t<a class=\"elementor-button elementor-button-link elementor-size-sm\" href=\"https:\/\/www.paysdarlon.be\/wp-content\/uploads\/2021\/06\/PLANPAYSARLON.jpg\">\n\t\t\t\t\t\t<span class=\"elementor-button-content-wrapper\">\n\t\t\t\t\t\t<span class=\"elementor-button-icon\">\n\t\t\t\t<svg aria-hidden=\"true\" class=\"e-font-icon-svg e-fas-download\" viewBox=\"0 0 512 512\" xmlns=\"http:\/\/www.w3.org\/2000\/svg\"><path d=\"M216 0h80c13.3 0 24 10.7 24 24v168h87.7c17.8 0 26.7 21.5 14.1 34.1L269.7 378.3c-7.5 7.5-19.8 7.5-27.3 0L90.1 226.1c-12.6-12.6-3.7-34.1 14.1-34.1H192V24c0-13.3 10.7-24 24-24zm296 376v112c0 13.3-10.7 24-24 24H24c-13.3 0-24-10.7-24-24V376c0-13.3 10.7-24 24-24h146.7l49 49c20.1 20.1 52.5 20.1 72.6 0l49-49H488c13.3 0 24 10.7 24 24zm-124 88c0-11-9-20-20-20s-20 9-20 20 9 20 20 20 20-9 20-20zm64 0c0-11-9-20-20-20s-20 9-20 20 9 20 20 20 20-9 20-20z\"><\/path><\/svg>\t\t\t<\/span>\n\t\t\t\t\t\t\t\t\t<span class=\"elementor-button-text\">Laden Sie die Karte des Pays d'Arlon herunter<\/span>\n\t\t\t\t\t<\/span>\n\t\t\t\t\t<\/a>\n\t\t\t\t<\/div>\n\t\t\t\t\t\t\t\t<\/div>\n\t\t\t\t<\/div>\n\t\t\t\t\t<\/div>\n\t\t<\/div>\n\t\t\t\t\t<\/div>\n\t\t<\/section>\n\t\t\t\t<\/div>\n\t\t","protected":false},"excerpt":{"rendered":"<p>Bei einem Besuch des Areler Landes k\u00f6nnen Sie ein reiches Erbe entdecken und in die gallor\u00f6mische Geschichte eintauchen. Sie k\u00f6nnen auch in der Natur wandern, den Charme der D\u00f6rfer genie\u00dfen und dank unserer Folklore unvergessliche Momente erleben. Nur wenige Kilometer von Frankreich und Luxemburg entfernt, erwarten Sie die vier Gemeinden, die das Areler Land bilden!https:\/\/youtu.be\/ym85YV1TB3o [&hellip;]<\/p>\n","protected":false},"author":2,"featured_media":5190,"parent":5797,"menu_order":0,"comment_status":"closed","ping_status":"closed","template":"","meta":{"site-sidebar-layout":"no-sidebar","site-content-layout":"page-builder","ast-site-content-layout":"full-width-container","site-content-style":"unboxed","site-sidebar-style":"unboxed","ast-global-header-display":"","ast-banner-title-visibility":"","ast-main-header-display":"","ast-hfb-above-header-display":"","ast-hfb-below-header-display":"","ast-hfb-mobile-header-display":"","site-post-title":"disabled","ast-breadcrumbs-content":"","ast-featured-img":"disabled","footer-sml-layout":"","ast-disable-related-posts":"","theme-transparent-header-meta":"default","adv-header-id-meta":"","stick-header-meta":"","header-above-stick-meta":"","header-main-stick-meta":"","header-below-stick-meta":"","astra-migrate-meta-layouts":"default","ast-page-background-enabled":"default","ast-page-background-meta":{"desktop":{"background-color":"","background-image":"","background-repeat":"repeat","background-position":"center center","background-size":"auto","background-attachment":"scroll","background-type":"","background-media":"","overlay-type":"","overlay-color":"","overlay-opacity":"","overlay-gradient":""},"tablet":{"background-color":"","background-image":"","background-repeat":"repeat","background-position":"center center","background-size":"auto","background-attachment":"scroll","background-type":"","background-media":"","overlay-type":"","overlay-color":"","overlay-opacity":"","overlay-gradient":""},"mobile":{"background-color":"","background-image":"","background-repeat":"repeat","background-position":"center center","background-size":"auto","background-attachment":"scroll","background-type":"","background-media":"","overlay-type":"","overlay-color":"","overlay-opacity":"","overlay-gradient":""}},"ast-content-background-meta":{"desktop":{"background-color":"var(--ast-global-color-5)","background-image":"","background-repeat":"repeat","background-position":"center center","background-size":"auto","background-attachment":"scroll","background-type":"","background-media":"","overlay-type":"","overlay-color":"","overlay-opacity":"","overlay-gradient":""},"tablet":{"background-color":"var(--ast-global-color-5)","background-image":"","background-repeat":"repeat","background-position":"center center","background-size":"auto","background-attachment":"scroll","background-type":"","background-media":"","overlay-type":"","overlay-color":"","overlay-opacity":"","overlay-gradient":""},"mobile":{"background-color":"var(--ast-global-color-5)","background-image":"","background-repeat":"repeat","background-position":"center center","background-size":"auto","background-attachment":"scroll","background-type":"","background-media":"","overlay-type":"","overlay-color":"","overlay-opacity":"","overlay-gradient":""}},"footnotes":""},"categories":[],"tags":[],"class_list":["post-5809","page","type-page","status-publish","has-post-thumbnail","hentry"],"yoast_head":"<!-- This site is optimized with the Yoast SEO plugin v27.4 - https:\/\/yoast.com\/product\/yoast-seo-wordpress\/ -->\n<title>Das Areler Land - Maison du Tourisme du Pays d&#039;Arlon<\/title>\n<meta name=\"robots\" content=\"index, follow, max-snippet:-1, max-image-preview:large, max-video-preview:-1\" \/>\n<link rel=\"canonical\" href=\"https:\/\/www.paysdarlon.be\/de\/entdecken\/das-areler-land\/\" \/>\n<meta property=\"og:locale\" content=\"de_DE\" \/>\n<meta property=\"og:type\" content=\"article\" \/>\n<meta property=\"og:title\" content=\"Das Areler Land - Maison du Tourisme du Pays d&#039;Arlon\" \/>\n<meta property=\"og:description\" content=\"Bei einem Besuch des Areler Landes k\u00f6nnen Sie ein reiches Erbe entdecken und in die gallor\u00f6mische Geschichte eintauchen. Sie k\u00f6nnen auch in der Natur wandern, den Charme der D\u00f6rfer genie\u00dfen und dank unserer Folklore unvergessliche Momente erleben. Nur wenige Kilometer von Frankreich und Luxemburg entfernt, erwarten Sie die vier Gemeinden, die das Areler Land bilden!https:\/\/youtu.be\/ym85YV1TB3o [&hellip;]\" \/>\n<meta property=\"og:url\" content=\"https:\/\/www.paysdarlon.be\/de\/entdecken\/das-areler-land\/\" \/>\n<meta property=\"og:site_name\" content=\"Maison du Tourisme du Pays d&#039;Arlon\" \/>\n<meta property=\"article:modified_time\" content=\"2022-04-25T06:08:47+00:00\" \/>\n<meta property=\"og:image\" content=\"https:\/\/www.paysdarlon.be\/wp-content\/uploads\/2021\/11\/Page-Decouvrir_Vignette-Le-Pays-dArlon_Villages-et-Paysages.jpg\" \/>\n\t<meta property=\"og:image:width\" content=\"1920\" \/>\n\t<meta property=\"og:image:height\" content=\"1280\" \/>\n\t<meta property=\"og:image:type\" content=\"image\/jpeg\" \/>\n<meta name=\"twitter:card\" content=\"summary_large_image\" \/>\n<script type=\"application\/ld+json\" class=\"yoast-schema-graph\">{\"@context\":\"https:\\\/\\\/schema.org\",\"@graph\":[{\"@type\":\"WebPage\",\"@id\":\"https:\\\/\\\/www.paysdarlon.be\\\/de\\\/entdecken\\\/das-areler-land\\\/\",\"url\":\"https:\\\/\\\/www.paysdarlon.be\\\/de\\\/entdecken\\\/das-areler-land\\\/\",\"name\":\"Das Areler Land - Maison du Tourisme du Pays d&#039;Arlon\",\"isPartOf\":{\"@id\":\"https:\\\/\\\/www.paysdarlon.be\\\/de\\\/#website\"},\"primaryImageOfPage\":{\"@id\":\"https:\\\/\\\/www.paysdarlon.be\\\/de\\\/entdecken\\\/das-areler-land\\\/#primaryimage\"},\"image\":{\"@id\":\"https:\\\/\\\/www.paysdarlon.be\\\/de\\\/entdecken\\\/das-areler-land\\\/#primaryimage\"},\"thumbnailUrl\":\"https:\\\/\\\/www.paysdarlon.be\\\/wp-content\\\/uploads\\\/2021\\\/11\\\/Page-Decouvrir_Vignette-Le-Pays-dArlon_Villages-et-Paysages.jpg\",\"datePublished\":\"2022-04-01T12:30:14+00:00\",\"dateModified\":\"2022-04-25T06:08:47+00:00\",\"breadcrumb\":{\"@id\":\"https:\\\/\\\/www.paysdarlon.be\\\/de\\\/entdecken\\\/das-areler-land\\\/#breadcrumb\"},\"inLanguage\":\"de\",\"potentialAction\":[{\"@type\":\"ReadAction\",\"target\":[\"https:\\\/\\\/www.paysdarlon.be\\\/de\\\/entdecken\\\/das-areler-land\\\/\"]}]},{\"@type\":\"ImageObject\",\"inLanguage\":\"de\",\"@id\":\"https:\\\/\\\/www.paysdarlon.be\\\/de\\\/entdecken\\\/das-areler-land\\\/#primaryimage\",\"url\":\"https:\\\/\\\/www.paysdarlon.be\\\/wp-content\\\/uploads\\\/2021\\\/11\\\/Page-Decouvrir_Vignette-Le-Pays-dArlon_Villages-et-Paysages.jpg\",\"contentUrl\":\"https:\\\/\\\/www.paysdarlon.be\\\/wp-content\\\/uploads\\\/2021\\\/11\\\/Page-Decouvrir_Vignette-Le-Pays-dArlon_Villages-et-Paysages.jpg\",\"width\":1920,\"height\":1280,\"caption\":\"M\u00e9lanie Meinbach\"},{\"@type\":\"BreadcrumbList\",\"@id\":\"https:\\\/\\\/www.paysdarlon.be\\\/de\\\/entdecken\\\/das-areler-land\\\/#breadcrumb\",\"itemListElement\":[{\"@type\":\"ListItem\",\"position\":1,\"name\":\"Home\",\"item\":\"https:\\\/\\\/www.paysdarlon.be\\\/de\\\/\"},{\"@type\":\"ListItem\",\"position\":2,\"name\":\"Entdecken\",\"item\":\"https:\\\/\\\/www.paysdarlon.be\\\/de\\\/entdecken\\\/\"},{\"@type\":\"ListItem\",\"position\":3,\"name\":\"Das Areler Land\"}]},{\"@type\":\"WebSite\",\"@id\":\"https:\\\/\\\/www.paysdarlon.be\\\/de\\\/#website\",\"url\":\"https:\\\/\\\/www.paysdarlon.be\\\/de\\\/\",\"name\":\"wordpressdev\",\"description\":\"De l&#039;Ardenne \u00e0 la Lorraine\",\"publisher\":{\"@id\":\"https:\\\/\\\/www.paysdarlon.be\\\/de\\\/#organization\"},\"potentialAction\":[{\"@type\":\"SearchAction\",\"target\":{\"@type\":\"EntryPoint\",\"urlTemplate\":\"https:\\\/\\\/www.paysdarlon.be\\\/de\\\/?s={search_term_string}\"},\"query-input\":{\"@type\":\"PropertyValueSpecification\",\"valueRequired\":true,\"valueName\":\"search_term_string\"}}],\"inLanguage\":\"de\"},{\"@type\":\"Organization\",\"@id\":\"https:\\\/\\\/www.paysdarlon.be\\\/de\\\/#organization\",\"name\":\"wordpressdev\",\"url\":\"https:\\\/\\\/www.paysdarlon.be\\\/de\\\/\",\"logo\":{\"@type\":\"ImageObject\",\"inLanguage\":\"de\",\"@id\":\"https:\\\/\\\/www.paysdarlon.be\\\/de\\\/#\\\/schema\\\/logo\\\/image\\\/\",\"url\":\"https:\\\/\\\/www.paysdarlon.be\\\/wp-content\\\/uploads\\\/2020\\\/02\\\/Logo_MTPA_horizontal_sans_slogan-1.png\",\"contentUrl\":\"https:\\\/\\\/www.paysdarlon.be\\\/wp-content\\\/uploads\\\/2020\\\/02\\\/Logo_MTPA_horizontal_sans_slogan-1.png\",\"width\":500,\"height\":189,\"caption\":\"wordpressdev\"},\"image\":{\"@id\":\"https:\\\/\\\/www.paysdarlon.be\\\/de\\\/#\\\/schema\\\/logo\\\/image\\\/\"}}]}<\/script>\n<!-- \/ Yoast SEO plugin. -->","yoast_head_json":{"title":"Das Areler Land - Maison du Tourisme du Pays d&#039;Arlon","robots":{"index":"index","follow":"follow","max-snippet":"max-snippet:-1","max-image-preview":"max-image-preview:large","max-video-preview":"max-video-preview:-1"},"canonical":"https:\/\/www.paysdarlon.be\/de\/entdecken\/das-areler-land\/","og_locale":"de_DE","og_type":"article","og_title":"Das Areler Land - Maison du Tourisme du Pays d&#039;Arlon","og_description":"Bei einem Besuch des Areler Landes k\u00f6nnen Sie ein reiches Erbe entdecken und in die gallor\u00f6mische Geschichte eintauchen. Sie k\u00f6nnen auch in der Natur wandern, den Charme der D\u00f6rfer genie\u00dfen und dank unserer Folklore unvergessliche Momente erleben. Nur wenige Kilometer von Frankreich und Luxemburg entfernt, erwarten Sie die vier Gemeinden, die das Areler Land bilden!https:\/\/youtu.be\/ym85YV1TB3o [&hellip;]","og_url":"https:\/\/www.paysdarlon.be\/de\/entdecken\/das-areler-land\/","og_site_name":"Maison du Tourisme du Pays d&#039;Arlon","article_modified_time":"2022-04-25T06:08:47+00:00","og_image":[{"width":1920,"height":1280,"url":"https:\/\/www.paysdarlon.be\/wp-content\/uploads\/2021\/11\/Page-Decouvrir_Vignette-Le-Pays-dArlon_Villages-et-Paysages.jpg","type":"image\/jpeg"}],"twitter_card":"summary_large_image","schema":{"@context":"https:\/\/schema.org","@graph":[{"@type":"WebPage","@id":"https:\/\/www.paysdarlon.be\/de\/entdecken\/das-areler-land\/","url":"https:\/\/www.paysdarlon.be\/de\/entdecken\/das-areler-land\/","name":"Das Areler Land - Maison du Tourisme du Pays d&#039;Arlon","isPartOf":{"@id":"https:\/\/www.paysdarlon.be\/de\/#website"},"primaryImageOfPage":{"@id":"https:\/\/www.paysdarlon.be\/de\/entdecken\/das-areler-land\/#primaryimage"},"image":{"@id":"https:\/\/www.paysdarlon.be\/de\/entdecken\/das-areler-land\/#primaryimage"},"thumbnailUrl":"https:\/\/www.paysdarlon.be\/wp-content\/uploads\/2021\/11\/Page-Decouvrir_Vignette-Le-Pays-dArlon_Villages-et-Paysages.jpg","datePublished":"2022-04-01T12:30:14+00:00","dateModified":"2022-04-25T06:08:47+00:00","breadcrumb":{"@id":"https:\/\/www.paysdarlon.be\/de\/entdecken\/das-areler-land\/#breadcrumb"},"inLanguage":"de","potentialAction":[{"@type":"ReadAction","target":["https:\/\/www.paysdarlon.be\/de\/entdecken\/das-areler-land\/"]}]},{"@type":"ImageObject","inLanguage":"de","@id":"https:\/\/www.paysdarlon.be\/de\/entdecken\/das-areler-land\/#primaryimage","url":"https:\/\/www.paysdarlon.be\/wp-content\/uploads\/2021\/11\/Page-Decouvrir_Vignette-Le-Pays-dArlon_Villages-et-Paysages.jpg","contentUrl":"https:\/\/www.paysdarlon.be\/wp-content\/uploads\/2021\/11\/Page-Decouvrir_Vignette-Le-Pays-dArlon_Villages-et-Paysages.jpg","width":1920,"height":1280,"caption":"M\u00e9lanie Meinbach"},{"@type":"BreadcrumbList","@id":"https:\/\/www.paysdarlon.be\/de\/entdecken\/das-areler-land\/#breadcrumb","itemListElement":[{"@type":"ListItem","position":1,"name":"Home","item":"https:\/\/www.paysdarlon.be\/de\/"},{"@type":"ListItem","position":2,"name":"Entdecken","item":"https:\/\/www.paysdarlon.be\/de\/entdecken\/"},{"@type":"ListItem","position":3,"name":"Das Areler Land"}]},{"@type":"WebSite","@id":"https:\/\/www.paysdarlon.be\/de\/#website","url":"https:\/\/www.paysdarlon.be\/de\/","name":"wordpressdev","description":"De l&#039;Ardenne \u00e0 la Lorraine","publisher":{"@id":"https:\/\/www.paysdarlon.be\/de\/#organization"},"potentialAction":[{"@type":"SearchAction","target":{"@type":"EntryPoint","urlTemplate":"https:\/\/www.paysdarlon.be\/de\/?s={search_term_string}"},"query-input":{"@type":"PropertyValueSpecification","valueRequired":true,"valueName":"search_term_string"}}],"inLanguage":"de"},{"@type":"Organization","@id":"https:\/\/www.paysdarlon.be\/de\/#organization","name":"wordpressdev","url":"https:\/\/www.paysdarlon.be\/de\/","logo":{"@type":"ImageObject","inLanguage":"de","@id":"https:\/\/www.paysdarlon.be\/de\/#\/schema\/logo\/image\/","url":"https:\/\/www.paysdarlon.be\/wp-content\/uploads\/2020\/02\/Logo_MTPA_horizontal_sans_slogan-1.png","contentUrl":"https:\/\/www.paysdarlon.be\/wp-content\/uploads\/2020\/02\/Logo_MTPA_horizontal_sans_slogan-1.png","width":500,"height":189,"caption":"wordpressdev"},"image":{"@id":"https:\/\/www.paysdarlon.be\/de\/#\/schema\/logo\/image\/"}}]}},"_links":{"self":[{"href":"https:\/\/www.paysdarlon.be\/de\/wp-json\/wp\/v2\/pages\/5809","targetHints":{"allow":["GET"]}}],"collection":[{"href":"https:\/\/www.paysdarlon.be\/de\/wp-json\/wp\/v2\/pages"}],"about":[{"href":"https:\/\/www.paysdarlon.be\/de\/wp-json\/wp\/v2\/types\/page"}],"author":[{"embeddable":true,"href":"https:\/\/www.paysdarlon.be\/de\/wp-json\/wp\/v2\/users\/2"}],"replies":[{"embeddable":true,"href":"https:\/\/www.paysdarlon.be\/de\/wp-json\/wp\/v2\/comments?post=5809"}],"version-history":[{"count":3,"href":"https:\/\/www.paysdarlon.be\/de\/wp-json\/wp\/v2\/pages\/5809\/revisions"}],"predecessor-version":[{"id":5812,"href":"https:\/\/www.paysdarlon.be\/de\/wp-json\/wp\/v2\/pages\/5809\/revisions\/5812"}],"up":[{"embeddable":true,"href":"https:\/\/www.paysdarlon.be\/de\/wp-json\/wp\/v2\/pages\/5797"}],"wp:featuredmedia":[{"embeddable":true,"href":"https:\/\/www.paysdarlon.be\/de\/wp-json\/wp\/v2\/media\/5190"}],"wp:attachment":[{"href":"https:\/\/www.paysdarlon.be\/de\/wp-json\/wp\/v2\/media?parent=5809"}],"wp:term":[{"taxonomy":"category","embeddable":true,"href":"https:\/\/www.paysdarlon.be\/de\/wp-json\/wp\/v2\/categories?post=5809"},{"taxonomy":"post_tag","embeddable":true,"href":"https:\/\/www.paysdarlon.be\/de\/wp-json\/wp\/v2\/tags?post=5809"}],"curies":[{"name":"wp","href":"https:\/\/api.w.org\/{rel}","templated":true}]}}